{"id":168,"date":"2018-07-03T23:55:41","date_gmt":"2018-07-03T23:55:41","guid":{"rendered":"http:\/\/ynra.ca\/?page_id=168"},"modified":"2026-04-27T13:28:36","modified_gmt":"2026-04-27T17:28:36","slug":"programmes-pour-les-jeunes","status":"publish","type":"page","link":"https:\/\/ynra.ca\/fr\/services-sante-mental-jeunesse\/programmes-pour-les-jeunes\/","title":{"rendered":"Programmes pour les jeunes"},"content":{"rendered":"<p>[vc_row][vc_column][vc_custom_heading text=\u00a0\u00bbProgrammes du printemps 2026&Prime; use_theme_fonts=\u00a0\u00bbyes\u00a0\u00bb][vc_single_image image=\u00a0\u00bb34054&Prime; img_size=\u00a0\u00bbfull\u00a0\u00bb][vc_column_text]<strong>NOUVEAUX PARTICIPANTS<\/strong>:<b><\/b><u><a id=\"v1OWA297702f8-d01d-eb70-2963-5260a2481484\" class=\"v1OWAAutoLink\" title=\"Original URL: https:\/\/www.surveymonkey.ca\/r\/GLN2872. Click or tap if you trust this link.\" href=\"https:\/\/www.surveymonkey.ca\/r\/GLN2872\" target=\"_blank\" rel=\"noopener noreferrer\">\u00a0Inscrivez-vous sur notre liste d&rsquo;inscription!<\/a><\/u><\/p>\n<p class=\"v1elementToProof\"><i>Cliquez sur le lien au-dessus si vous n&rsquo;avez jamais particip\u00e9 \u00e0 un programme de R\u00e9seau-Ado.<\/i><\/p>\n<p><b>ANCIENS PARTICIPANTS:<\/b>\u00a0Nous r\u00e9servons en priorit\u00e9 les places aux nouveaux participants, mais vous pouvez toujours nous envoyer un e-mail \u00e0 <u><a id=\"v1OWA07d90987-f956-02bf-f34e-9eb5dd72e8f4\" class=\"v1OWAAutoLink\" title=\"mailto:ynra@cheo.on.ca\" href=\"mailto:ynra@cheo.on.ca\" rel=\"noreferrer\">ynra@cheo.on.ca<\/a><\/u>\u00a0pour nous indiquer le programme qui vous int\u00e9resse. Nous vous contacterons d\u00e8s qu&rsquo;une place se lib\u00e9rera ![\/vc_column_text][vc_column_text]<\/p>\n<div id='gallery-1' class='gallery galleryid-168 gallery-columns-3 gallery-size-thumbnail'><figure class='gallery-item'>\n\t\t\t<div class='gallery-icon portrait'>\n\t\t\t\t<a href='https:\/\/ynra.ca\/fr\/services-sante-mental-jeunesse\/programmes-pour-les-jeunes\/pp-en-2\/'><img loading=\"lazy\" decoding=\"async\" width=\"113\" height=\"150\" src=\"https:\/\/ynra.ca\/wp-content\/uploads\/2026\/03\/PP-FR.png\" class=\"attachment-thumbnail size-thumbnail\" alt=\"Pens &amp; Paint\" aria-describedby=\"gallery-1-34080\" \/><\/a>\n\t\t\t<\/div>\n\t\t\t\t<figcaption class='wp-caption-text gallery-caption' id='gallery-1-34080'>\n\t\t\t\tPlumes &#038; Pinceaux\ud83d\udd8c\ud83c\udfa8\n\t\t\t\t<\/figcaption><\/figure><figure class='gallery-item'>\n\t\t\t<div class='gallery-icon portrait'>\n\t\t\t\t<a href='https:\/\/ynra.ca\/fr\/services-sante-mental-jeunesse\/programmes-pour-les-jeunes\/ll-en-2\/'><img loading=\"lazy\" decoding=\"async\" width=\"120\" height=\"150\" src=\"https:\/\/ynra.ca\/wp-content\/uploads\/2026\/03\/LL-FR.png\" class=\"attachment-thumbnail size-thumbnail\" alt=\"Lyric Lounge \u2013 Partnered with CityFolk\" aria-describedby=\"gallery-1-34078\" \/><\/a>\n\t\t\t<\/div>\n\t\t\t\t<figcaption class='wp-caption-text gallery-caption' id='gallery-1-34078'>\n\t\t\t\t Salon Des Paroles \u2013 Avec CityFolk \ud83c\udfb5\ud83c\udfbc \n\t\t\t\t<\/figcaption><\/figure><figure class='gallery-item'>\n\t\t\t<div class='gallery-icon portrait'>\n\t\t\t\t<a href='https:\/\/ynra.ca\/fr\/services-sante-mental-jeunesse\/programmes-pour-les-jeunes\/cpsg-en-2\/'><img loading=\"lazy\" decoding=\"async\" width=\"113\" height=\"150\" src=\"https:\/\/ynra.ca\/wp-content\/uploads\/2026\/03\/CPSG-EN.png\" class=\"attachment-thumbnail size-thumbnail\" alt=\"Groupe de Soutien: Douler Chonique\" aria-describedby=\"gallery-1-34076\" \/><\/a>\n\t\t\t<\/div>\n\t\t\t\t<figcaption class='wp-caption-text gallery-caption' id='gallery-1-34076'>\n\t\t\t\tGroupe de Soutien: Douleur Chonique\n\t\t\t\t<\/figcaption><\/figure><figure class='gallery-item'>\n\t\t\t<div class='gallery-icon portrait'>\n\t\t\t\t<a href='https:\/\/ynra.ca\/fr\/centre-dapprentissage\/engagement-des-jeunes\/ynra-promo-poster-en-2\/'><img loading=\"lazy\" decoding=\"async\" width=\"116\" height=\"150\" src=\"https:\/\/ynra.ca\/wp-content\/uploads\/2026\/01\/YNRA-Promo-Poster-EN.png\" class=\"attachment-thumbnail size-thumbnail\" alt=\"YAC Promotion Poster\" aria-describedby=\"gallery-1-33961\" \/><\/a>\n\t\t\t<\/div>\n\t\t\t\t<figcaption class='wp-caption-text gallery-caption' id='gallery-1-33961'>\n\t\t\t\tYouth Advisory Committee\n\t\t\t\t<\/figcaption><\/figure>\n\t\t<\/div>\n\n<p>[\/vc_column_text][\/vc_column][\/vc_row][vc_row][vc_column][vc_column_text]<\/p>\n<h2 style=\"text-align: center;\">Rencontrez vos animateurs\u00a0!<\/h2>\n<p>[\/vc_column_text][vc_video link=\u00a0\u00bbhttps:\/\/youtu.be\/2brH1x09QI4&Prime; align=\u00a0\u00bbcenter\u00a0\u00bb][\/vc_column][\/vc_row][vc_row][vc_column][vc_single_image image=\u00a0\u00bb27820&Prime; img_size=\u00a0\u00bbfull\u00a0\u00bb alignment=\u00a0\u00bbcenter\u00a0\u00bb][vc_row_inner content_placement=\u00a0\u00bbmiddle\u00a0\u00bb][vc_column_inner width=\u00a0\u00bb1\/3&Prime;][vc_single_image image=\u00a0\u00bb32668&Prime; img_size=\u00a0\u00bbfull\u00a0\u00bb][\/vc_column_inner][vc_column_inner width=\u00a0\u00bb2\/3&Prime;][vc_column_text]<\/p>\n<h3 class=\"elementToProof\"><span class=\"S1PPyQ ContentPasted3\"><span class=\"S1PPyQ ContentPasted4\"><span class=\"S1PPyQ ContentPasted5\">Stylos et peinture\u00a0:\u00a0<\/span><br \/>\n<\/span><\/span><\/h3>\n<p><\/p>\n<h4 class=\"elementToProof\"><span class=\"S1PPyQ ContentPasted3\"><span class=\"S1PPyQ ContentPasted4\"><span class=\"S1PPyQ ContentPasted5\"><span class=\"S1PPyQ ContentPasted6\">Notre programme \u00ab\u00a0Stylos et peinture\u00a0\u00bb \u200b\u200bpropose d&rsquo;utiliser l&rsquo;art (et parfois des activit\u00e9s d&rsquo;\u00e9criture cr\u00e9ative) pour g\u00e9rer le stress et les \u00e9motions. Nul besoin d&rsquo;\u00eatre un artiste pour participer\u00a0: tous les jeunes int\u00e9ress\u00e9s par des strat\u00e9gies cr\u00e9atives d&rsquo;adaptation sont les bienvenus\u00a0! Le programme offre un espace s\u00e9curisant pour parler des difficult\u00e9s rencontr\u00e9es, laisser libre cours \u00e0 sa cr\u00e9ativit\u00e9, tisser des liens avec d&rsquo;autres personnes et, enfin, exp\u00e9rimenter de nouveaux m\u00e9diums artistiques comme outils d&rsquo;expression et de ma\u00eetrise de soi\u00a0!<\/span><\/span><\/span><\/span><\/h4>\n<p>&nbsp;<br \/>\n[\/vc_column_text][\/vc_column_inner][\/vc_row_inner][vc_row_inner content_placement=\u00a0\u00bbmiddle\u00a0\u00bb][vc_column_inner width=\u00a0\u00bb1\/3&Prime;][vc_single_image image=\u00a0\u00bb32672&Prime; img_size=\u00a0\u00bbfull\u00a0\u00bb][\/vc_column_inner][vc_column_inner width=\u00a0\u00bb2\/3&Prime;][vc_column_text]<\/p>\n<h3 class=\"elementToProof\"><span class=\"S1PPyQ ContentPasted3\"><span class=\"S1PPyQ ContentPasted4\"><span class=\"S1PPyQ ContentPasted5\">Bien-\u00eatre hivernal\u00a0:<\/span><br \/>\n<\/span><\/span><\/h3>\n<p><\/p>\n<h4 class=\"elementToProof\"><span class=\"S1PPyQ ContentPasted3\"><span class=\"S1PPyQ ContentPasted4\"><span class=\"S1PPyQ ContentPasted5\"><span class=\"S1PPyQ ContentPasted6\">Bien-\u00eatre hivernal est un programme annuel offert durant la saison hivernale. Il vous permettra de passer du temps \u00e0 l&rsquo;ext\u00e9rieur, d&rsquo;essayer de nouvelles activit\u00e9s et des sports d&rsquo;hiver en toute s\u00e9curit\u00e9. Vous aurez l&rsquo;occasion de rencontrer d&rsquo;autres jeunes et de d\u00e9couvrir les bienfaits de la nature et de l&rsquo;activit\u00e9 physique sur notre sant\u00e9 mentale. Tous les transports, forfaits de ski, \u00e9quipements, locations et cours sont inclus et absolument gratuits pour les participants.<\/span><\/span><\/span><\/span><\/h4>\n<p>&nbsp;<br \/>\n[\/vc_column_text][\/vc_column_inner][\/vc_row_inner][vc_row_inner content_placement=\u00a0\u00bbmiddle\u00a0\u00bb][vc_column_inner width=\u00a0\u00bb1\/3&Prime;][vc_single_image image=\u00a0\u00bb32670&Prime; img_size=\u00a0\u00bbfull\u00a0\u00bb][\/vc_column_inner][vc_column_inner width=\u00a0\u00bb2\/3&Prime;][vc_column_text]<\/p>\n<h3 class=\"elementToProof\"><span class=\"S1PPyQ ContentPasted3\"><span class=\"S1PPyQ ContentPasted4\"><span class=\"S1PPyQ ContentPasted5\"><span class=\"S1PPyQ ContentPasted6\">Enracin\u00e9\u00a0:<\/span><\/span><\/span><\/span><\/h3>\n<p><\/p>\n<h4 class=\"elementToProof\"><span class=\"S1PPyQ ContentPasted3\"><span class=\"S1PPyQ ContentPasted4\"><span class=\"S1PPyQ ContentPasted5\"><span class=\"S1PPyQ ContentPasted6\"><span class=\"S1PPyQ ContentPasted7\"><span class=\"S1PPyQ ContentPasted8\">Ce programme, qui se d\u00e9roule g\u00e9n\u00e9ralement en \u00e9t\u00e9 (parfois au printemps et en automne), vous offre l\u2019occasion de passer du temps en plein air, d\u2019explorer la nature et d\u2019essayer de nouvelles activit\u00e9s. Vous aurez l&rsquo;occasion de d\u00e9couvrir comment la nature peut \u00eatre un excellent outil pour g\u00e9rer le stress et d&rsquo;\u00e9changer avec d&rsquo;autres jeunes sur des strat\u00e9gies de r\u00e9duction du stress bas\u00e9es sur la nature\u00a0! Vous aurez peut-\u00eatre la possibilit\u00e9 d&rsquo;essayer la tyrolienne, la randonn\u00e9e, la natation, le kayak, de visiter une ferme et bien plus encore\u00a0! Tous les frais li\u00e9s aux activit\u00e9s sont pris en charge par YouthNet. <\/span><\/span><\/span><\/span><\/span><\/span><\/h4>\n<p><\/p>\n<h4><span class=\"S1PPyQ ContentPasted3\"><span class=\"S1PPyQ ContentPasted4\"><span class=\"S1PPyQ ContentPasted5\"><span class=\"S1PPyQ ContentPasted6\"><span class=\"S1PPyQ ContentPasted7\"><span class=\"S1PPyQ ContentPasted8\"><span class=\"S1PPyQ ContentPasted9\"><span class=\"S1PPyQ ContentPasted10\"><span class=\"S1PPyQ ContentPasted11\"><span class=\"S1PPyQ ContentPasted12\"><span class=\"S1PPyQ ContentPasted13\"><span class=\"S1PPyQ ContentPasted14\"><span class=\"S1PPyQ ContentPasted15\"><span class=\"ContentPasted17\"><span class=\"S1PPyQ ContentPasted18\"><span class=\"ContentPasted19\">\u00a0<\/span><\/span><\/span><\/span><\/span><\/span><\/span><\/span><\/span><\/span><\/span><\/span><\/span><\/span><\/span><\/span><\/h4>\n<p>&nbsp;<br \/>\n[\/vc_column_text][\/vc_column_inner][\/vc_row_inner][\/vc_column][\/vc_row][vc_row][vc_column][vc_single_image image=\u00a0\u00bb27818&Prime; img_size=\u00a0\u00bbfull\u00a0\u00bb alignment=\u00a0\u00bbcenter\u00a0\u00bb][vc_row_inner content_placement=\u00a0\u00bbmiddle\u00a0\u00bb][vc_column_inner width=\u00a0\u00bb1\/3&Prime;][\/vc_column_inner][vc_column_inner width=\u00a0\u00bb2\/3&Prime;][\/vc_column_inner][\/vc_row_inner][vc_row_inner content_placement=\u00a0\u00bbmiddle\u00a0\u00bb][vc_column_inner width=\u00a0\u00bb1\/3&Prime;][vc_single_image image=\u00a0\u00bb32682&Prime; img_size=\u00a0\u00bbfull\u00a0\u00bb][\/vc_column_inner][vc_column_inner width=\u00a0\u00bb2\/3&Prime;][vc_column_text]<\/p>\n<h3 class=\"elementToProof\"><span class=\"S1PPyQ ContentPasted3\"><span class=\"S1PPyQ ContentPasted4\"><span class=\"S1PPyQ ContentPasted5\"><span class=\"S1PPyQ ContentPasted6\"><span class=\"S1PPyQ ContentPasted7\"><span class=\"S1PPyQ ContentPasted8\"><span class=\"S1PPyQ ContentPasted9\"><span class=\"S1PPyQ ContentPasted10\"><span class=\"S1PPyQ ContentPasted11\"><span class=\"S1PPyQ ContentPasted12\"><span class=\"S1PPyQ ContentPasted13\"><span class=\"S1PPyQ ContentPasted14\"><span class=\"S1PPyQ ContentPasted15\"><span class=\"ContentPasted17\">Chronic Pain Support Group<\/span><br class=\"ContentPasted17\" \/><\/span><\/span><\/span><\/span><\/span><\/span><\/span><\/span><\/span><\/span><\/span><\/span><\/span><\/h3>\n<p><\/p>\n<h4 class=\"elementToProof\"><span class=\"S1PPyQ ContentPasted3\"><span class=\"S1PPyQ ContentPasted4\"><span class=\"S1PPyQ ContentPasted5\"><span class=\"S1PPyQ ContentPasted6\"><span class=\"S1PPyQ ContentPasted7\"><span class=\"S1PPyQ ContentPasted8\"><span class=\"S1PPyQ ContentPasted9\"><span class=\"S1PPyQ ContentPasted10\"><span class=\"S1PPyQ ContentPasted11\"><span class=\"S1PPyQ ContentPasted12\"><span class=\"S1PPyQ ContentPasted13\"><span class=\"S1PPyQ ContentPasted14\"><span class=\"S1PPyQ ContentPasted15\"><span class=\"ContentPasted17\">En partenariat avec le Groupe de loisirs de la Clinique de la douleur chronique du CHEO, YouthNet est heureux d&rsquo;offrir un groupe de soutien pour les jeunes souffrant de douleur chronique. Pour les jeunes de 13 \u00e0 20 ans vivant avec une douleur chronique ou une maladie chronique. C&rsquo;est l&rsquo;occasion de partager, de s&rsquo;entraider, de rencontrer d&rsquo;autres jeunes et de s&rsquo;amuser ! Les s\u00e9ances ont lieu deux fois par mois : une fois \u00e0 YouthNet et une fois dans la communaut\u00e9. Pour plus de d\u00e9tails sur les dates et les activit\u00e9s, veuillez consulter l&rsquo;affiche ci-dessus ou envoyer un courriel \u00e0 ynra@cheo.on.ca<\/span><\/span><\/span><\/span><\/span><\/span><\/span><\/span><\/span><\/span><\/span><\/span><\/span><\/span><\/h4>\n<p>&nbsp;<br \/>\n[\/vc_column_text][\/vc_column_inner][\/vc_row_inner][vc_column_text]<\/p>\n<h3 style=\"text-align: center;\">Consultez le calendrier ci-dessous pour savoir quand les activit\u00e9s suivantes sont propos\u00e9es !<\/h3>\n<p>[\/vc_column_text][\/vc_column][\/vc_row]<\/p>\n","protected":false},"excerpt":{"rendered":"<p>[vc_row][vc_column][vc_custom_heading text=\u00a0\u00bbProgrammes du printemps 2026&Prime; use_theme_fonts=\u00a0\u00bbyes\u00a0\u00bb][vc_single_image image=\u00a0\u00bb34054&Prime; img_size=\u00a0\u00bbfull\u00a0\u00bb][vc_column_text]NOUVEAUX PARTICIPANTS:\u00a0Inscrivez-vous sur notre liste d&rsquo;inscription! Cliquez sur le lien au-dessus si vous n&rsquo;avez jamais particip\u00e9 \u00e0 un programme de R\u00e9seau-Ado. ANCIENS PARTICIPANTS:\u00a0Nous r\u00e9servons en priorit\u00e9 les places aux nouveaux participants, mais vous pouvez toujours nous envoyer un e-mail \u00e0 ynra@cheo.on.ca\u00a0pour nous indiquer le programme qui vous int\u00e9resse. &hellip;<\/p>\n","protected":false},"author":1,"featured_media":0,"parent":163,"menu_order":20,"comment_status":"closed","ping_status":"closed","template":"","meta":{"_acf_changed":false,"footnotes":""},"class_list":["post-168","page","type-page","status-publish","hentry"],"acf":[],"yoast_head":"<!-- This site is optimized with the Yoast SEO plugin v27.3 - https:\/\/yoast.com\/product\/yoast-seo-wordpress\/ -->\n<title>Programmes pour les jeunes - YouthNet R\u00e9seauAdo<\/title>\n<meta name=\"robots\" content=\"index, follow, max-snippet:-1, max-image-preview:large, max-video-preview:-1\" \/>\n<link rel=\"canonical\" href=\"https:\/\/ynra.ca\/fr\/services-sante-mental-jeunesse\/programmes-pour-les-jeunes\/\" \/>\n<meta property=\"og:locale\" content=\"fr_FR\" \/>\n<meta property=\"og:type\" content=\"article\" \/>\n<meta property=\"og:title\" content=\"Programmes pour les jeunes - YouthNet R\u00e9seauAdo\" \/>\n<meta property=\"og:description\" content=\"[vc_row][vc_column][vc_custom_heading text=\u00a0\u00bbProgrammes du printemps 2026&Prime; use_theme_fonts=\u00a0\u00bbyes\u00a0\u00bb][vc_single_image image=\u00a0\u00bb34054&Prime; img_size=\u00a0\u00bbfull\u00a0\u00bb][vc_column_text]NOUVEAUX PARTICIPANTS:\u00a0Inscrivez-vous sur notre liste d&rsquo;inscription! Cliquez sur le lien au-dessus si vous n&rsquo;avez jamais particip\u00e9 \u00e0 un programme de R\u00e9seau-Ado. ANCIENS PARTICIPANTS:\u00a0Nous r\u00e9servons en priorit\u00e9 les places aux nouveaux participants, mais vous pouvez toujours nous envoyer un e-mail \u00e0 ynra@cheo.on.ca\u00a0pour nous indiquer le programme qui vous int\u00e9resse. &hellip;\" \/>\n<meta property=\"og:url\" content=\"https:\/\/ynra.ca\/fr\/services-sante-mental-jeunesse\/programmes-pour-les-jeunes\/\" \/>\n<meta property=\"og:site_name\" content=\"YouthNet R\u00e9seauAdo\" \/>\n<meta property=\"article:modified_time\" content=\"2026-04-27T17:28:36+00:00\" \/>\n<meta property=\"og:image\" content=\"http:\/\/ynra.ca\/wp-content\/uploads\/2026\/03\/PP-FR.png\" \/>\n<meta name=\"twitter:card\" content=\"summary_large_image\" \/>\n<meta name=\"twitter:label1\" content=\"Dur\u00e9e de lecture estim\u00e9e\" \/>\n\t<meta name=\"twitter:data1\" content=\"3 minutes\" \/>\n<script type=\"application\/ld+json\" class=\"yoast-schema-graph\">{\"@context\":\"https:\\\/\\\/schema.org\",\"@graph\":[{\"@type\":\"WebPage\",\"@id\":\"https:\\\/\\\/ynra.ca\\\/fr\\\/services-sante-mental-jeunesse\\\/programmes-pour-les-jeunes\\\/\",\"url\":\"https:\\\/\\\/ynra.ca\\\/fr\\\/services-sante-mental-jeunesse\\\/programmes-pour-les-jeunes\\\/\",\"name\":\"Programmes pour les jeunes - YouthNet R\u00e9seauAdo\",\"isPartOf\":{\"@id\":\"https:\\\/\\\/ynra.ca\\\/#website\"},\"datePublished\":\"2018-07-03T23:55:41+00:00\",\"dateModified\":\"2026-04-27T17:28:36+00:00\",\"breadcrumb\":{\"@id\":\"https:\\\/\\\/ynra.ca\\\/fr\\\/services-sante-mental-jeunesse\\\/programmes-pour-les-jeunes\\\/#breadcrumb\"},\"inLanguage\":\"fr-FR\",\"potentialAction\":[{\"@type\":\"ReadAction\",\"target\":[\"https:\\\/\\\/ynra.ca\\\/fr\\\/services-sante-mental-jeunesse\\\/programmes-pour-les-jeunes\\\/\"]}]},{\"@type\":\"BreadcrumbList\",\"@id\":\"https:\\\/\\\/ynra.ca\\\/fr\\\/services-sante-mental-jeunesse\\\/programmes-pour-les-jeunes\\\/#breadcrumb\",\"itemListElement\":[{\"@type\":\"ListItem\",\"position\":1,\"name\":\"Services\",\"item\":\"https:\\\/\\\/ynra.ca\\\/fr\\\/services-sante-mental-jeunesse\\\/\"},{\"@type\":\"ListItem\",\"position\":2,\"name\":\"Programmes pour les jeunes\"}]},{\"@type\":\"WebSite\",\"@id\":\"https:\\\/\\\/ynra.ca\\\/#website\",\"url\":\"https:\\\/\\\/ynra.ca\\\/\",\"name\":\"YouthNet R\u00e9seauAdo\",\"description\":\"Mental Health Services for Youth\",\"publisher\":{\"@id\":\"https:\\\/\\\/ynra.ca\\\/#organization\"},\"potentialAction\":[{\"@type\":\"SearchAction\",\"target\":{\"@type\":\"EntryPoint\",\"urlTemplate\":\"https:\\\/\\\/ynra.ca\\\/?s={search_term_string}\"},\"query-input\":{\"@type\":\"PropertyValueSpecification\",\"valueRequired\":true,\"valueName\":\"search_term_string\"}}],\"inLanguage\":\"fr-FR\"},{\"@type\":\"Organization\",\"@id\":\"https:\\\/\\\/ynra.ca\\\/#organization\",\"name\":\"YouthNet R\u00e9seauAdo\",\"url\":\"https:\\\/\\\/ynra.ca\\\/\",\"logo\":{\"@type\":\"ImageObject\",\"inLanguage\":\"fr-FR\",\"@id\":\"https:\\\/\\\/ynra.ca\\\/#\\\/schema\\\/logo\\\/image\\\/\",\"url\":\"https:\\\/\\\/ynra.ca\\\/wp-content\\\/uploads\\\/2018\\\/07\\\/ynra-logo.png\",\"contentUrl\":\"https:\\\/\\\/ynra.ca\\\/wp-content\\\/uploads\\\/2018\\\/07\\\/ynra-logo.png\",\"width\":241,\"height\":115,\"caption\":\"YouthNet R\u00e9seauAdo\"},\"image\":{\"@id\":\"https:\\\/\\\/ynra.ca\\\/#\\\/schema\\\/logo\\\/image\\\/\"}}]}<\/script>\n<!-- \/ Yoast SEO plugin. -->","yoast_head_json":{"title":"Programmes pour les jeunes - YouthNet R\u00e9seauAdo","robots":{"index":"index","follow":"follow","max-snippet":"max-snippet:-1","max-image-preview":"max-image-preview:large","max-video-preview":"max-video-preview:-1"},"canonical":"https:\/\/ynra.ca\/fr\/services-sante-mental-jeunesse\/programmes-pour-les-jeunes\/","og_locale":"fr_FR","og_type":"article","og_title":"Programmes pour les jeunes - YouthNet R\u00e9seauAdo","og_description":"[vc_row][vc_column][vc_custom_heading text=\u00a0\u00bbProgrammes du printemps 2026&Prime; use_theme_fonts=\u00a0\u00bbyes\u00a0\u00bb][vc_single_image image=\u00a0\u00bb34054&Prime; img_size=\u00a0\u00bbfull\u00a0\u00bb][vc_column_text]NOUVEAUX PARTICIPANTS:\u00a0Inscrivez-vous sur notre liste d&rsquo;inscription! Cliquez sur le lien au-dessus si vous n&rsquo;avez jamais particip\u00e9 \u00e0 un programme de R\u00e9seau-Ado. ANCIENS PARTICIPANTS:\u00a0Nous r\u00e9servons en priorit\u00e9 les places aux nouveaux participants, mais vous pouvez toujours nous envoyer un e-mail \u00e0 ynra@cheo.on.ca\u00a0pour nous indiquer le programme qui vous int\u00e9resse. &hellip;","og_url":"https:\/\/ynra.ca\/fr\/services-sante-mental-jeunesse\/programmes-pour-les-jeunes\/","og_site_name":"YouthNet R\u00e9seauAdo","article_modified_time":"2026-04-27T17:28:36+00:00","og_image":[{"url":"http:\/\/ynra.ca\/wp-content\/uploads\/2026\/03\/PP-FR.png","type":"","width":"","height":""}],"twitter_card":"summary_large_image","twitter_misc":{"Dur\u00e9e de lecture estim\u00e9e":"3 minutes"},"schema":{"@context":"https:\/\/schema.org","@graph":[{"@type":"WebPage","@id":"https:\/\/ynra.ca\/fr\/services-sante-mental-jeunesse\/programmes-pour-les-jeunes\/","url":"https:\/\/ynra.ca\/fr\/services-sante-mental-jeunesse\/programmes-pour-les-jeunes\/","name":"Programmes pour les jeunes - YouthNet R\u00e9seauAdo","isPartOf":{"@id":"https:\/\/ynra.ca\/#website"},"datePublished":"2018-07-03T23:55:41+00:00","dateModified":"2026-04-27T17:28:36+00:00","breadcrumb":{"@id":"https:\/\/ynra.ca\/fr\/services-sante-mental-jeunesse\/programmes-pour-les-jeunes\/#breadcrumb"},"inLanguage":"fr-FR","potentialAction":[{"@type":"ReadAction","target":["https:\/\/ynra.ca\/fr\/services-sante-mental-jeunesse\/programmes-pour-les-jeunes\/"]}]},{"@type":"BreadcrumbList","@id":"https:\/\/ynra.ca\/fr\/services-sante-mental-jeunesse\/programmes-pour-les-jeunes\/#breadcrumb","itemListElement":[{"@type":"ListItem","position":1,"name":"Services","item":"https:\/\/ynra.ca\/fr\/services-sante-mental-jeunesse\/"},{"@type":"ListItem","position":2,"name":"Programmes pour les jeunes"}]},{"@type":"WebSite","@id":"https:\/\/ynra.ca\/#website","url":"https:\/\/ynra.ca\/","name":"YouthNet R\u00e9seauAdo","description":"Mental Health Services for Youth","publisher":{"@id":"https:\/\/ynra.ca\/#organization"},"potentialAction":[{"@type":"SearchAction","target":{"@type":"EntryPoint","urlTemplate":"https:\/\/ynra.ca\/?s={search_term_string}"},"query-input":{"@type":"PropertyValueSpecification","valueRequired":true,"valueName":"search_term_string"}}],"inLanguage":"fr-FR"},{"@type":"Organization","@id":"https:\/\/ynra.ca\/#organization","name":"YouthNet R\u00e9seauAdo","url":"https:\/\/ynra.ca\/","logo":{"@type":"ImageObject","inLanguage":"fr-FR","@id":"https:\/\/ynra.ca\/#\/schema\/logo\/image\/","url":"https:\/\/ynra.ca\/wp-content\/uploads\/2018\/07\/ynra-logo.png","contentUrl":"https:\/\/ynra.ca\/wp-content\/uploads\/2018\/07\/ynra-logo.png","width":241,"height":115,"caption":"YouthNet R\u00e9seauAdo"},"image":{"@id":"https:\/\/ynra.ca\/#\/schema\/logo\/image\/"}}]}},"_links":{"self":[{"href":"https:\/\/ynra.ca\/fr\/wp-json\/wp\/v2\/pages\/168","targetHints":{"allow":["GET"]}}],"collection":[{"href":"https:\/\/ynra.ca\/fr\/wp-json\/wp\/v2\/pages"}],"about":[{"href":"https:\/\/ynra.ca\/fr\/wp-json\/wp\/v2\/types\/page"}],"author":[{"embeddable":true,"href":"https:\/\/ynra.ca\/fr\/wp-json\/wp\/v2\/users\/1"}],"replies":[{"embeddable":true,"href":"https:\/\/ynra.ca\/fr\/wp-json\/wp\/v2\/comments?post=168"}],"version-history":[{"count":259,"href":"https:\/\/ynra.ca\/fr\/wp-json\/wp\/v2\/pages\/168\/revisions"}],"predecessor-version":[{"id":34126,"href":"https:\/\/ynra.ca\/fr\/wp-json\/wp\/v2\/pages\/168\/revisions\/34126"}],"up":[{"embeddable":true,"href":"https:\/\/ynra.ca\/fr\/wp-json\/wp\/v2\/pages\/163"}],"wp:attachment":[{"href":"https:\/\/ynra.ca\/fr\/wp-json\/wp\/v2\/media?parent=168"}],"curies":[{"name":"wp","href":"https:\/\/api.w.org\/{rel}","templated":true}]}}