{"id":166,"date":"2018-07-03T23:55:03","date_gmt":"2018-07-03T23:55:03","guid":{"rendered":"http:\/\/ynra.ca\/?page_id=166"},"modified":"2026-08-28T10:46:03","modified_gmt":"2026-08-28T14:46:03","slug":"ateliers","status":"publish","type":"page","link":"https:\/\/ynra.ca\/fr\/services-sante-mental-jeunesse\/ateliers\/","title":{"rendered":"Ateliers"},"content":{"rendered":"<p>[vc_row][vc_column][vc_single_image image=\u00a0\u00bb27840&Prime; img_size=\u00a0\u00bbfull\u00a0\u00bb alignment=\u00a0\u00bbcenter\u00a0\u00bb][vc_row_inner content_placement=\u00a0\u00bbmiddle\u00a0\u00bb][vc_column_inner width=\u00a0\u00bb1\/6&Prime;][vc_single_image image=\u00a0\u00bb27843&Prime; img_size=\u00a0\u00bbfull\u00a0\u00bb][\/vc_column_inner][vc_column_inner width=\u00a0\u00bb5\/6&Prime;][vc_column_text]<strong>YouthNet \/ R\u00e9seauAdo (YNRA) de CHEO<\/strong> offre une gamme d\u2019ateliers ax\u00e9s sur le d\u00e9veloppement des connaissances en sant\u00e9 mentale gr\u00e2ce \u00e0 l\u2019engagement entre pairs. Nos <a href=\"https:\/\/ynra.ca\/fr\/notre-equipe\/\">animateurs jeunesse<\/a> sont form\u00e9s pour susciter des discussions et proposer des activit\u00e9s li\u00e9es \u00e0 la sant\u00e9 mentale aupr\u00e8s de classes et de groupes de jeunes \u00e2g\u00e9s de 13 \u00e0 20 ans, ainsi que pour orienter les jeunes \u00e0 risque vers les ressources appropri\u00e9es en sant\u00e9 mentale.<\/p>\n<p>&nbsp;[\/vc_column_text][\/vc_column_inner][\/vc_row_inner][vc_column_text]<\/p>\n<h2>\u00c0 propos des ateliers de YNRA<\/h2>\n<\/p>\n<p class=\"isSelectedEnd\">Les<a href=\"#types\"> <strong>ateliers de litt\u00e9ratie en sant\u00e9 mentale de YNRA<\/strong><\/a> peuvent \u00eatre demand\u00e9s par toute personne qui travaille aupr\u00e8s des jeunes ou qui les soutient (\u00e2g\u00e9s de 13 \u00e0 20 ans) dans la r\u00e9gion d\u2019Ottawa et de l\u2019Est ontarien.<\/p>\n<\/p>\n<p class=\"isSelectedEnd\">Les ateliers de YNRA sont g\u00e9n\u00e9ralement GRATUITS pour les groupes comptant jusqu\u2019\u00e0 35 jeunes, que ce soit en classe (de la 7e \u00e0 la 12e ann\u00e9e ou au niveau postsecondaire) ou au sein d\u2019organismes communautaires \u0153uvrant aupr\u00e8s des jeunes. Ces ateliers visent \u00e0 :<\/p>\n<ul data-spread=\"false\">\n<li>Pr\u00e9senter les concepts fondamentaux li\u00e9s au maintien d\u2019une bonne sant\u00e9 mentale et du bien-\u00eatre, ainsi qu\u2019\u00e0 la gestion du stress;<\/li>\n<li>Soutenir les \u00e9l\u00e8ves face \u00e0 des sources de stress particuli\u00e8res (p. ex., pr\u00e9paration aux examens, transition vers l\u2019\u00e9cole secondaire ou vers les \u00e9tudes postsecondaires, augmentation du temps d\u2019\u00e9cran ou d\u00e9pendance num\u00e9rique);<\/li>\n<li>R\u00e9pondre \u00e0 certains objectifs obligatoires du programme scolaire (p. ex., \u00e9ducation physique en 7e et 8e ann\u00e9e, civisme et exploration de carri\u00e8re, etc.);<\/li>\n<li>Aider les jeunes \u00e0 acqu\u00e9rir les connaissances et les comp\u00e9tences n\u00e9cessaires pour soutenir efficacement leurs pairs, \u00e0 savoir quoi faire et vers qui se tourner lorsqu\u2019eux-m\u00eames ou un ami vivent une crise de sant\u00e9 mentale, ainsi qu\u2019\u00e0 d\u00e9velopper leur compr\u00e9hension et leur empathie envers les autres afin de pr\u00e9venir l\u2019intimidation;<\/li>\n<li>Aider les jeunes \u00e0 risque qui vivent des difficult\u00e9s li\u00e9es \u00e0 la sant\u00e9 mentale et\/ou des troubles neurod\u00e9veloppementaux \u00e0 acc\u00e9der aux ressources appropri\u00e9es;<\/li>\n<li>Former les groupes de leadership \u00e9tudiant et jeunesse afin qu\u2019ils puissent promouvoir la sant\u00e9 mentale dans leurs \u00e9coles et leurs communaut\u00e9s;<\/li>\n<li>Donner acc\u00e8s \u00e0 un vaste \u00e9ventail de ressources suppl\u00e9mentaires favorisant l\u2019engagement des jeunes et multipliant les occasions d\u2019apprentissage continu entre pairs.<\/li>\n<\/ul>\n<p><strong>Consultez notre offre de services et suivez les \u00e9tapes ci-dessous pour demander un atelier pour votre classe ou votre groupe. Vous pouvez \u00e9galement communiquer avec nous \u00e0 <\/strong><a href=\"mailto:ynra@cheo.on.ca\"><strong>ynra@cheo.on.ca<\/strong><\/a><strong> ou au <a href=\"tel: (613) 697-7360\">(613) 697-7360<\/a> si vous avez besoin d\u2019aide pour effectuer une r\u00e9servation, si aucune plage horaire du calendrier public ne correspond \u00e0 vos besoins, ou si vous souhaitez discuter des objectifs d\u2019apprentissage de votre groupe.<\/strong>[\/vc_column_text][\/vc_column][\/vc_row][vc_row][vc_column][vc_empty_space height=\u00a0\u00bb70px\u00a0\u00bb][vc_column_text]<\/p>\n<div class=\"row\">\n<div class=\"col-lg-12\">\n<h2>Comment r\u00e9server un atelier<\/h2>\n<h3>\u00c9tape 1<\/h3>\n<ul>\n<li>Consultez les <a href=\"#types\"><strong>options de services<\/strong><\/a> ci-dessous ou <a href=\"mailto:ynra@cheo.on.ca\"><strong>communiquez avec l\u2019\u00e9quipe de YNRA<\/strong><\/a> afin de d\u00e9terminer quel atelier r\u00e9pond le mieux aux besoins de votre classe ou de votre groupe.<\/li>\n<\/ul>\n<h3>\u00c9tape 2<\/h3>\n<ul>\n<li>\n<p class=\"isSelectedEnd\" dir=\"auto\">Consultez les plages horaires disponibles dans notre calendrier interactif ci-dessous. Lorsque vous \u00eates pr\u00eat \u00e0 remplir le formulaire d\u2019inscription, cliquez sur le bouton <strong>\u00ab R\u00c9SERVER MAINTENANT \u00bb<\/strong> pour acc\u00e9der \u00e0 notre <a href=\"https:\/\/calendar.app.google\/KdLKbgY1dqmCQTCE7\"><strong>syst\u00e8me de demande de r\u00e9servation<\/strong><\/a>.<\/p>\n<p dir=\"auto\"><em>Remarque : Nous vous demandons, dans la mesure du possible, de r\u00e9server de 2 \u00e0 4 ateliers dans votre \u00e9cole ou organisme au cours d\u2019une m\u00eame journ\u00e9e, et de limiter vos r\u00e9servations \u00e0 un maximum de 2 jours au total.<\/em><\/p>\n<\/li>\n<\/ul>\n<h3>\u00c9tape 3<\/h3>\n<ul>\n<li><span style=\"font-weight: 400;\">Remplissez un seul formulaire de r\u00e9servation pour l\u2019ensemble des ateliers pr\u00e9vus au cours de la journ\u00e9e (p. ex., indiquez votre \u00e9cole ou organisme, le ou les ateliers souhait\u00e9s, vos coordonn\u00e9es, la taille du groupe, etc.).<\/span><\/li>\n<\/ul>\n<h3>\u00c9tape 4<\/h3>\n<ul>\n<li>Attendez de recevoir par courriel la confirmation de votre demande de r\u00e9servation.<\/li>\n<\/ul>\n<\/div>\n<\/div>\n<p>&nbsp;[\/vc_column_text][\/vc_column][\/vc_row][vc_row][vc_column][vc_btn title=\u00a0\u00bbR\u00c9SERVER\u00a0\u00bb style=\u00a0\u00bbcustom\u00a0\u00bb custom_background=\u00a0\u00bb#812b7d\u00a0\u00bb custom_text=\u00a0\u00bb#ffffff\u00a0\u00bb size=\u00a0\u00bblg\u00a0\u00bb link=\u00a0\u00bburl:https%3A%2F%2Fcalendar.app.google%2FKdLKbgY1dqmCQTCE7|target:_blank|\u00a0\u00bb][vc_raw_html]PGlmcmFtZSBzdHlsZT0iYm9yZGVyOiAwOyIgc3JjPSJodHRwczovL2NhbGVuZGFyLmdvb2dsZS5jb20vY2FsZW5kYXIvZW1iZWQ\/c3JjPWNfMTkxNDVjMWI2MjAwYmE4ZWI4ODYxNmUxZmNmNTdhNDk0ZDAyNGRlMDg0NTI4NTIxZWJhNDMyMzNiZTliNjQyNiU0MGdyb3VwLmNhbGVuZGFyLmdvb2dsZS5jb20mYW1wO2N0ej1BbWVyaWNhJTJGVG9yb250byIgd2lkdGg9IjgwMCIgaGVpZ2h0PSI2MDAiIGZyYW1lYm9yZGVyPSIwIiBzY3JvbGxpbmc9Im5vIj48L2lmcmFtZT4=[\/vc_raw_html][\/vc_column][\/vc_row][vc_row][vc_column][vc_column_text]<\/p>\n<div class=\"row\">\n<div class=\"col-lg-12\">\n<p><em><strong>Petit rappel amical : derri\u00e8re ce calendrier public de r\u00e9servation se trouve une \u00e9quipe de vraies personnes! Nous vous remercions donc de votre patience, puisque le d\u00e9lai de confirmation des r\u00e9servations peut varier. N\u2019h\u00e9sitez pas \u00e0 communiquer avec nous \u00e0 <a href=\"mailto:ynra@cheo.on.ca\">ynra@cheo.on.ca<\/a> ou au <a href=\"tel: 613-697-7360\">613-697-7360<\/a> pour obtenir de l\u2019aide, du lundi au jeudi.<\/strong><\/em><\/p>\n<h2><strong>Directives suppl\u00e9mentaires concernant les r\u00e9servations<\/strong><\/h2>\n<p><strong>Classes d\u2019immersion fran\u00e7aise :<\/strong> Nous reconnaissons les d\u00e9fis auxquels font face les minorit\u00e9s linguistiques lorsqu\u2019elles tentent d\u2019acc\u00e9der \u00e0 des services de sant\u00e9 mentale en fran\u00e7ais. C\u2019est pourquoi nous accordons la priorit\u00e9 aux \u00e9coles francophones pour nos ateliers en fran\u00e7ais. Si vous souhaitez r\u00e9server un atelier pour une classe d\u2019immersion fran\u00e7aise, veuillez consulter notre page <a href=\"https:\/\/ynra.ca\/fr\/services-sante-mental-jeunesse\/ateliers\/\"><strong>Ateliers de litt\u00e9ratie en sant\u00e9 mentale en fran\u00e7ais<\/strong><\/a> pour conna\u00eetre les dates et les heures disponibles.<\/p>\n<\/div>\n<\/div>\n<p>[\/vc_column_text][vc_row_inner content_placement=\u00a0\u00bbmiddle\u00a0\u00bb][vc_column_inner width=\u00a0\u00bb1\/6&Prime;][vc_single_image image=\u00a0\u00bb27845&Prime; img_size=\u00a0\u00bbfull\u00a0\u00bb][\/vc_column_inner][vc_column_inner width=\u00a0\u00bb5\/6&Prime;][vc_column_text]<\/p>\n<h3 class=\"elementToProof\"><span class=\"S1PPyQ ContentPasted3\"><span class=\"S1PPyQ ContentPasted4\">Avertissement de s\u00e9curit\u00e9<\/span><\/span><\/h3>\n<\/p>\n<div class=\"elementToProof\"><span class=\"S1PPyQ ContentPasted3\"><span class=\"S1PPyQ ContentPasted4\"><span class=\"S1PPyQ ContentPasted6\"><strong>S\u00e9curit\u00e9\u00a0:<\/strong> nos animateurs sont soutenus par un travailleur social clinicien et suivent un protocole clinique lorsqu&rsquo;un jeune r\u00e9v\u00e8le des probl\u00e8mes de sant\u00e9 mentale. Nous respectons les politiques des \u00e9coles et travaillerons toujours en collaboration pour soutenir les \u00e9l\u00e8ves dans le besoin. Cependant, nos animateurs n&rsquo;offrent pas de conseils m\u00e9dicaux ni de services cliniques.<\/span><\/span><\/span><\/div>\n<p>[\/vc_column_text][\/vc_column_inner][\/vc_row_inner][vc_empty_space height=\u00a0\u00bb70px\u00a0\u00bb][\/vc_column][\/vc_row][vc_row el_id=\u00a0\u00bbtypes\u00a0\u00bb][vc_column][vc_single_image image=\u00a0\u00bb27838&Prime; img_size=\u00a0\u00bbfull\u00a0\u00bb alignment=\u00a0\u00bbcenter\u00a0\u00bb][vc_row_inner][vc_column_inner width=\u00a0\u00bb1\/3&Prime;][vc_single_image image=\u00a0\u00bb27855&Prime; img_size=\u00a0\u00bbfull\u00a0\u00bb][\/vc_column_inner][vc_column_inner width=\u00a0\u00bb2\/3&Prime;][vc_column_text]<\/p>\n<h3 class=\"elementToProof\">Bien-\u00eatre<\/h3>\n<\/p>\n<h4 class=\"elementToProof\"><span class=\"S1PPyQ ContentPasted3\"><span class=\"S1PPyQ ContentPasted4\"><span class=\"S1PPyQ ContentPasted6\"><span class=\"S1PPyQ ContentPasted7\"><span class=\"S1PPyQ ContentPasted8\"><span class=\"S1PPyQ ContentPasted9\"><strong>Description:<\/strong> Nous avons tous une sant\u00e9 mentale, alors apprenons de quoi il s\u2019agit. Les objectifs de cet atelier sont que les jeunes comprennent ce qu\u2019est la sant\u00e9 mentale, comprennent la stigmatisation associ\u00e9e \u00e0 la sant\u00e9 mentale et apprennent quoi faire si l\u2019on remarque des changements dans leur sant\u00e9 mentale et o\u00f9 aller demander de l\u2019aide<\/span><\/span><\/span><\/span><\/span><\/span><\/h4>\n<\/p>\n<ul>\n<li class=\"elementToProof\"><span class=\"S1PPyQ ContentPasted3\"><span class=\"S1PPyQ ContentPasted4\"><span class=\"S1PPyQ ContentPasted6\"><span class=\"S1PPyQ ContentPasted7\"><span class=\"S1PPyQ ContentPasted8\"><span class=\"S1PPyQ ContentPasted9\"><strong>Audience vis\u00e9e :<\/strong> jeunes de 13 \u00e0 20 ans<\/span><\/span><\/span><\/span><\/span><\/span><\/li>\n<li class=\"elementToProof\"><span class=\"S1PPyQ ContentPasted3\"><span class=\"S1PPyQ ContentPasted4\"><span class=\"S1PPyQ ContentPasted6\"><span class=\"S1PPyQ ContentPasted7\"><span class=\"S1PPyQ ContentPasted8\"><span class=\"S1PPyQ ContentPasted9\"><strong>Dur\u00e9e :<\/strong> 60 minutes<\/span><\/span><\/span><\/span><\/span><\/span><\/li>\n<li class=\"elementToProof\"><span class=\"S1PPyQ ContentPasted3\"><span class=\"S1PPyQ ContentPasted4\"><span class=\"S1PPyQ ContentPasted6\"><span class=\"S1PPyQ ContentPasted7\"><span class=\"S1PPyQ ContentPasted8\"><span class=\"S1PPyQ ContentPasted9\"><strong>Capacit\u00e9 :<\/strong> 25-30 participants (max. 30)<\/span><\/span><\/span><\/span><\/span><\/span><\/li>\n<\/ul>\n<p>[\/vc_column_text][\/vc_column_inner][\/vc_row_inner][vc_row_inner][vc_column_inner width=\u00a0\u00bb1\/3&Prime;][vc_single_image image=\u00a0\u00bb27853&Prime; img_size=\u00a0\u00bbfull\u00a0\u00bb][\/vc_column_inner][vc_column_inner width=\u00a0\u00bb2\/3&Prime;][vc_column_text]<\/p>\n<h3 class=\"elementToProof\"><span class=\"S1PPyQ ContentPasted3\"><span class=\"S1PPyQ ContentPasted4\"><span class=\"S1PPyQ ContentPasted6\"><span class=\"S1PPyQ ContentPasted7\"><span class=\"S1PPyQ ContentPasted8\"><span class=\"S1PPyQ ContentPasted9\">StressMOINS<\/span><\/span><\/span><\/span><\/span><\/span><\/h3>\n<\/p>\n<h4 class=\"elementToProof\"><span class=\"S1PPyQ ContentPasted3\"><span class=\"S1PPyQ ContentPasted4\"><span class=\"S1PPyQ ContentPasted6\"><span class=\"S1PPyQ ContentPasted7\"><span class=\"S1PPyQ ContentPasted8\"><span class=\"S1PPyQ ContentPasted9\"><span class=\"S1PPyQ ContentPasted10\"><strong>Description:<\/strong> Nous subissons tous du stress \u00e0 un moment ou \u00e0 un autre de notre vie. Ne serait-il pas formidable d\u2019apprendre quelques strat\u00e9gies d\u2019adaptation pour nous aider \u00e0 g\u00e9rer nos journ\u00e9es les plus stressantes ? Cet atelier vous explique ce qu\u2019est le stress et comment le g\u00e9rer tout en faisant des activit\u00e9s amusantes.<\/span><\/span><\/span><\/span><\/span><\/span><\/span><\/h4>\n<\/p>\n<ul>\n<li class=\"elementToProof\"><span class=\"S1PPyQ ContentPasted3\"><span class=\"S1PPyQ ContentPasted4\"><span class=\"S1PPyQ ContentPasted6\"><span class=\"S1PPyQ ContentPasted7\"><span class=\"S1PPyQ ContentPasted8\"><span class=\"S1PPyQ ContentPasted9\"><span class=\"S1PPyQ ContentPasted10\"><span class=\"S1PPyQ ContentPasted9 ContentPasted11\"><strong>Audience vis\u00e9e :<\/strong> jeunes de 13 \u00e0 20 ans<\/span><\/span><\/span><\/span><\/span><\/span><\/span><\/span>\n<div><span class=\"S1PPyQ ContentPasted3\"><span class=\"S1PPyQ ContentPasted4\"><span class=\"S1PPyQ ContentPasted6\"><span class=\"S1PPyQ ContentPasted7\"><span class=\"S1PPyQ ContentPasted8\"><span class=\"S1PPyQ ContentPasted9 ContentPasted11\"><strong>Dur\u00e9e :<\/strong> 60 minutes<\/span><\/span><\/span><\/span><\/span><\/span><\/div>\n<\/li>\n<li class=\"elementToProof\"><span class=\"S1PPyQ ContentPasted3\"><span class=\"S1PPyQ ContentPasted4\"><span class=\"S1PPyQ ContentPasted6\"><span class=\"S1PPyQ ContentPasted7\"><span class=\"S1PPyQ ContentPasted8\"><span class=\"S1PPyQ ContentPasted9\"><span class=\"S1PPyQ ContentPasted10\"><span class=\"S1PPyQ ContentPasted9 ContentPasted11\"><strong>Capacit\u00e9:<\/strong> 25-30 participants (max. 30)<\/span><\/span><\/span><\/span><\/span><\/span><\/span><\/span><\/li>\n<\/ul>\n<p>[\/vc_column_text][\/vc_column_inner][\/vc_row_inner][vc_row_inner][vc_column_inner width=\u00a0\u00bb1\/3&Prime;][vc_single_image image=\u00a0\u00bb27851&Prime; img_size=\u00a0\u00bbfull\u00a0\u00bb][\/vc_column_inner][vc_column_inner width=\u00a0\u00bb2\/3&Prime;][vc_column_text]<\/p>\n<h3 class=\"elementToProof\"><span class=\"S1PPyQ ContentPasted3\"><span class=\"S1PPyQ ContentPasted4\"><span class=\"S1PPyQ ContentPasted6\"><span class=\"S1PPyQ ContentPasted7\"><span class=\"S1PPyQ ContentPasted8\"><span class=\"S1PPyQ ContentPasted9\"><span class=\"S1PPyQ ContentPasted10\"><span class=\"S1PPyQ ContentPasted9 ContentPasted11\"><span class=\"S1PPyQ ContentPasted12\">Aider Un(e) Ami(e)<\/span><\/span><\/span><\/span><\/span><\/span><\/span><\/span><\/span><\/h3>\n<\/p>\n<h4 class=\"elementToProof\"><span class=\"S1PPyQ ContentPasted3\"><span class=\"S1PPyQ ContentPasted4\"><span class=\"S1PPyQ ContentPasted6\"><span class=\"S1PPyQ ContentPasted7\"><span class=\"S1PPyQ ContentPasted8\"><span class=\"S1PPyQ ContentPasted9\"><span class=\"S1PPyQ ContentPasted10\"><span class=\"S1PPyQ ContentPasted9 ContentPasted11\"><span class=\"S1PPyQ ContentPasted12\"><strong>Description:<\/strong> Cet atelier interactif vous aide \u00e0 naviguer de mani\u00e8re saine et s\u00fbre. Nous ne voulons pas que vous deveniez un mini-psychologue, mais plut\u00f4t, nous esp\u00e9rons que vous apprendrez comment mieux soutenir vos ami et leurs besoins. Gr\u00e2ce \u00e0 des activit\u00e9s et des jeux interactifs, vous vous sentirez \u00e0 l\u2019aise et vous vous familiariserez avec la raison pour laquelle il peut parfois \u00eatre difficile de demander de l\u2019aide.<\/span><br \/>\n<\/span><\/span><\/span><\/span><\/span><\/span><\/span><\/span><\/h4>\n<\/p>\n<div class=\"elementToProof\">\n<ul>\n<li><span class=\"S1PPyQ ContentPasted3\"><span class=\"S1PPyQ ContentPasted4\"><span class=\"S1PPyQ ContentPasted6\"><span class=\"S1PPyQ ContentPasted7\"><span class=\"S1PPyQ ContentPasted8\"><span class=\"S1PPyQ ContentPasted9\"><span class=\"S1PPyQ ContentPasted10\"><span class=\"S1PPyQ ContentPasted9 ContentPasted11 ContentPasted13\"><strong>Audience vis\u00e9e :<\/strong> <span class=\"S1PPyQ ContentPasted16\">jeunes de 15 \u00e0 20 ans<\/span><\/span><\/span><\/span><\/span><\/span><\/span><\/span><\/span><\/li>\n<li>\n<div class=\"elementToProof\"><span class=\"S1PPyQ ContentPasted3\"><span class=\"S1PPyQ ContentPasted4\"><span class=\"S1PPyQ ContentPasted6\"><span class=\"S1PPyQ ContentPasted7\"><span class=\"S1PPyQ ContentPasted8\"><span class=\"S1PPyQ ContentPasted9 ContentPasted11 ContentPasted13\"><strong>Dur\u00e9e :<\/strong> <span class=\"S1PPyQ ContentPasted14\">60-75 minutes (specified at time of booking)<\/span><\/span><\/span><\/span><\/span><\/span><\/span><\/div>\n<\/li>\n<li>\n<div class=\"elementToProof\"><span class=\"S1PPyQ ContentPasted3\"><span class=\"S1PPyQ ContentPasted4\"><span class=\"S1PPyQ ContentPasted6\"><span class=\"S1PPyQ ContentPasted7\"><span class=\"S1PPyQ ContentPasted8\"><span class=\"S1PPyQ ContentPasted9\"><span class=\"S1PPyQ ContentPasted10\"><span class=\"S1PPyQ ContentPasted9 ContentPasted11\"><span class=\"S1PPyQ ContentPasted12\"><span class=\"S1PPyQ ContentPasted9 ContentPasted11 ContentPasted13\"><strong>Capacit\u00e9:<\/strong> <span class=\"S1PPyQ ContentPasted15\"> 12-15 participants (max. 15 \u00e9tudiants)<\/span><\/span><\/span><\/span><\/span><\/span><\/span><\/span><\/span><\/span><\/span><\/div>\n<\/li>\n<\/ul>\n<\/div>\n<p>[\/vc_column_text][\/vc_column_inner][\/vc_row_inner][vc_row_inner][vc_column_inner width=\u00a0\u00bb1\/3&Prime;][vc_single_image image=\u00a0\u00bb27849&Prime; img_size=\u00a0\u00bbfull\u00a0\u00bb][\/vc_column_inner][vc_column_inner width=\u00a0\u00bb2\/3&Prime;][vc_column_text]<\/p>\n<h3 class=\"elementToProof\"><span class=\"S1PPyQ ContentPasted3\"><span class=\"S1PPyQ ContentPasted4\"><span class=\"S1PPyQ ContentPasted6\"><span class=\"S1PPyQ ContentPasted7\"><span class=\"S1PPyQ ContentPasted8\"><span class=\"S1PPyQ ContentPasted9\"><span class=\"S1PPyQ ContentPasted10\"><span class=\"S1PPyQ ContentPasted9 ContentPasted11\"><span class=\"S1PPyQ ContentPasted12\"><span class=\"S1PPyQ ContentPasted9 ContentPasted11 ContentPasted13\"><span class=\"S1PPyQ ContentPasted15\">Grandir Ensemble<\/span><\/span><\/span><\/span><\/span><\/span><\/span><\/span><\/span><\/span><\/span><\/h3>\n<\/p>\n<h4 class=\"elementToProof\"><span class=\"S1PPyQ ContentPasted3\"><span class=\"S1PPyQ ContentPasted4\"><span class=\"S1PPyQ ContentPasted6\"><span class=\"S1PPyQ ContentPasted7\"><span class=\"S1PPyQ ContentPasted8\"><span class=\"S1PPyQ ContentPasted9\"><span class=\"S1PPyQ ContentPasted10\"><span class=\"S1PPyQ ContentPasted9 ContentPasted11\"><span class=\"S1PPyQ ContentPasted12\"><span class=\"S1PPyQ ContentPasted9 ContentPasted11 ContentPasted13\"> <span class=\"S1PPyQ ContentPasted15\"><strong><span class=\"S1PPyQ ContentPasted17\">Description:<\/span><\/strong> <span class=\"S1PPyQ ContentPasted17\">Les \u00eatres humains sont complexes. Il peut \u00eatre difficile d&rsquo;apprendre \u00e0 se conna\u00eetre et \u00e0 r\u00e9pondre \u00e0 ses propres besoins et encore moins de savoir comment socialiser, \u00e9tablir des liens avec les autres et les soutenir ! Cet atelier aide les jeunes \u00e0 comprendre les facteurs qui nous relient les uns aux autres, ceux qui nous rendent diff\u00e9rents et la fa\u00e7on de g\u00e9rer ces diff\u00e9rences. Les participants apprendront des concepts tels que les besoins sociaux et \u00e9motionnels fondamentaux, la neurodiversit\u00e9 et l&#8217;empathie et discuteront des ressources permettant de mieux se soutenir et de soutenir les autres.<\/span> <\/span><\/span><\/span><\/span><\/span><\/span><\/span><\/span><\/span><\/span><\/span><\/h4>\n<\/p>\n<div class=\"elementToProof\">\n<ul>\n<li><span class=\"S1PPyQ ContentPasted3\"><span class=\"S1PPyQ ContentPasted4\"><span class=\"S1PPyQ ContentPasted6\"><span class=\"S1PPyQ ContentPasted7\"><span class=\"S1PPyQ ContentPasted8\"><span class=\"S1PPyQ ContentPasted9\"><span class=\"S1PPyQ ContentPasted10\"><span class=\"S1PPyQ ContentPasted9 ContentPasted11 ContentPasted18\"><strong>Audience vis\u00e9e:<\/strong> jeunes de 13-20 ans<\/span><\/span><\/span><\/span><\/span><\/span><\/span><\/span><\/li>\n<li><span class=\"S1PPyQ ContentPasted3\"><span class=\"S1PPyQ ContentPasted4\"><span class=\"S1PPyQ ContentPasted6\"><span class=\"S1PPyQ ContentPasted7\"><span class=\"S1PPyQ ContentPasted8\"><span class=\"S1PPyQ ContentPasted9 ContentPasted11 ContentPasted18\"><strong>Dur\u00e9e :<\/strong> 60 minutes<\/span><\/span><\/span><\/span><\/span><\/span><\/li>\n<li><span class=\"S1PPyQ ContentPasted3\"><span class=\"S1PPyQ ContentPasted4\"><span class=\"S1PPyQ ContentPasted6\"><span class=\"S1PPyQ ContentPasted7\"><span class=\"S1PPyQ ContentPasted8\"><span class=\"S1PPyQ ContentPasted9\"><span class=\"S1PPyQ ContentPasted10\"><span class=\"S1PPyQ ContentPasted9 ContentPasted11\"><span class=\"S1PPyQ ContentPasted12\"><span class=\"S1PPyQ ContentPasted9 ContentPasted11 ContentPasted13\"><span class=\"S1PPyQ ContentPasted15\"><span class=\"S1PPyQ ContentPasted17\"><span class=\"S1PPyQ ContentPasted9 ContentPasted11 ContentPasted18\"><strong>Capacit\u00e9:<\/strong> 25-30 participants (max. 30)<\/span><\/span><\/span><\/span><\/span><\/span><\/span><\/span><\/span><\/span><\/span><\/span><\/span><\/li>\n<\/ul>\n<\/div>\n<p>[\/vc_column_text][\/vc_column_inner][\/vc_row_inner][vc_row_inner][vc_column_inner width=\u00a0\u00bb1\/3&Prime;][vc_single_image image=\u00a0\u00bb31615&Prime; img_size=\u00a0\u00bbfull\u00a0\u00bb][\/vc_column_inner][vc_column_inner width=\u00a0\u00bb2\/3&Prime;][vc_column_text]<\/p>\n<h3>Bien-\u00eatre num\u00e9rique<\/h3>\n<\/p>\n<h4><strong>Description:<\/strong> Nous vivons une grande partie de notre vie en ligne et sur nos appareils, alors explorons notre relation avec la technologie et son impact sur notre sant\u00e9 mentale (pour le meilleur et pour le pire !). Vous repartirez de cet atelier avec des conseils utiles, des outils d&rsquo;autosoins et des ressources pour trouver l&rsquo;\u00e9quilibre dans notre monde num\u00e9rique<\/h4>\n<\/p>\n<ul>\n<li><strong>Audience vis\u00e9e :<\/strong>\u00a0jeunes de 13-20 ans<\/li>\n<li><strong>Dur\u00e9e :<\/strong>\u00a060 minutes<\/li>\n<li><strong>Capacit\u00e9 :<\/strong> 25-30 participants (max. 30)<\/li>\n<\/ul>\n<p>[\/vc_column_text][\/vc_column_inner][\/vc_row_inner][\/vc_column][\/vc_row][vc_row][vc_column][vc_column_text]<\/p>\n<h2><strong>ATELIERS SP\u00c9CIAUX<\/strong><\/h2>\n<p>Consultez la page des <a href=\"https:\/\/ynra.ca\/youth-mental-health-services\/tay-workshops\/\"><strong>ateliers pour les jeunes en \u00e2ge de transition<\/strong><\/a>(anglais seulement) pour d\u00e9couvrir d\u2019autres ateliers.[\/vc_column_text][\/vc_column][\/vc_row]<\/p>\n","protected":false},"excerpt":{"rendered":"<p>[vc_row][vc_column][vc_single_image image=\u00a0\u00bb27840&Prime; img_size=\u00a0\u00bbfull\u00a0\u00bb alignment=\u00a0\u00bbcenter\u00a0\u00bb][vc_row_inner content_placement=\u00a0\u00bbmiddle\u00a0\u00bb][vc_column_inner width=\u00a0\u00bb1\/6&Prime;][vc_single_image image=\u00a0\u00bb27843&Prime; img_size=\u00a0\u00bbfull\u00a0\u00bb][\/vc_column_inner][vc_column_inner width=\u00a0\u00bb5\/6&Prime;][vc_column_text]YouthNet \/ R\u00e9seauAdo (YNRA) de CHEO offre une gamme d\u2019ateliers ax\u00e9s sur le d\u00e9veloppement des connaissances en sant\u00e9 mentale gr\u00e2ce \u00e0 l\u2019engagement entre pairs. Nos animateurs jeunesse sont form\u00e9s pour susciter des discussions et proposer des activit\u00e9s li\u00e9es \u00e0 la sant\u00e9 mentale aupr\u00e8s de classes et de &hellip;<\/p>\n","protected":false},"author":1,"featured_media":0,"parent":163,"menu_order":10,"comment_status":"closed","ping_status":"closed","template":"","meta":{"_acf_changed":false,"footnotes":""},"class_list":["post-166","page","type-page","status-publish","hentry"],"acf":[],"yoast_head":"<!-- This site is optimized with the Yoast SEO plugin v28.3 - https:\/\/yoast.com\/product\/yoast-seo-wordpress\/ -->\n<title>Ateliers - YouthNet R\u00e9seauAdo<\/title>\n<meta name=\"robots\" content=\"index, follow, max-snippet:-1, max-image-preview:large, max-video-preview:-1\" \/>\n<link rel=\"canonical\" href=\"https:\/\/ynra.ca\/fr\/services-sante-mental-jeunesse\/ateliers\/\" \/>\n<meta property=\"og:locale\" content=\"fr_FR\" \/>\n<meta property=\"og:type\" content=\"article\" \/>\n<meta property=\"og:title\" content=\"Ateliers - YouthNet R\u00e9seauAdo\" \/>\n<meta property=\"og:description\" content=\"[vc_row][vc_column][vc_single_image image=\u00a0\u00bb27840&Prime; img_size=\u00a0\u00bbfull\u00a0\u00bb alignment=\u00a0\u00bbcenter\u00a0\u00bb][vc_row_inner content_placement=\u00a0\u00bbmiddle\u00a0\u00bb][vc_column_inner width=\u00a0\u00bb1\/6&Prime;][vc_single_image image=\u00a0\u00bb27843&Prime; img_size=\u00a0\u00bbfull\u00a0\u00bb][\/vc_column_inner][vc_column_inner width=\u00a0\u00bb5\/6&Prime;][vc_column_text]YouthNet \/ R\u00e9seauAdo (YNRA) de CHEO offre une gamme d\u2019ateliers ax\u00e9s sur le d\u00e9veloppement des connaissances en sant\u00e9 mentale gr\u00e2ce \u00e0 l\u2019engagement entre pairs. Nos animateurs jeunesse sont form\u00e9s pour susciter des discussions et proposer des activit\u00e9s li\u00e9es \u00e0 la sant\u00e9 mentale aupr\u00e8s de classes et de &hellip;\" \/>\n<meta property=\"og:url\" content=\"https:\/\/ynra.ca\/fr\/services-sante-mental-jeunesse\/ateliers\/\" \/>\n<meta property=\"og:site_name\" content=\"YouthNet R\u00e9seauAdo\" \/>\n<meta property=\"article:modified_time\" content=\"2026-08-28T14:46:03+00:00\" \/>\n<meta name=\"twitter:card\" content=\"summary_large_image\" \/>\n<meta name=\"twitter:label1\" content=\"Dur\u00e9e de lecture estim\u00e9e\" \/>\n\t<meta name=\"twitter:data1\" content=\"2 minutes\" \/>\n<script type=\"application\/ld+json\" class=\"yoast-schema-graph\">{\"@context\":\"https:\\\/\\\/schema.org\",\"@graph\":[{\"@type\":\"WebPage\",\"@id\":\"https:\\\/\\\/ynra.ca\\\/fr\\\/services-sante-mental-jeunesse\\\/ateliers\\\/\",\"url\":\"https:\\\/\\\/ynra.ca\\\/fr\\\/services-sante-mental-jeunesse\\\/ateliers\\\/\",\"name\":\"Ateliers - YouthNet R\u00e9seauAdo\",\"isPartOf\":{\"@id\":\"https:\\\/\\\/ynra.ca\\\/#website\"},\"datePublished\":\"2018-07-03T23:55:03+00:00\",\"dateModified\":\"2026-08-28T14:46:03+00:00\",\"breadcrumb\":{\"@id\":\"https:\\\/\\\/ynra.ca\\\/fr\\\/services-sante-mental-jeunesse\\\/ateliers\\\/#breadcrumb\"},\"inLanguage\":\"fr-FR\",\"potentialAction\":[{\"@type\":\"ReadAction\",\"target\":[\"https:\\\/\\\/ynra.ca\\\/fr\\\/services-sante-mental-jeunesse\\\/ateliers\\\/\"]}]},{\"@type\":\"BreadcrumbList\",\"@id\":\"https:\\\/\\\/ynra.ca\\\/fr\\\/services-sante-mental-jeunesse\\\/ateliers\\\/#breadcrumb\",\"itemListElement\":[{\"@type\":\"ListItem\",\"position\":1,\"name\":\"Services\",\"item\":\"https:\\\/\\\/ynra.ca\\\/youth-mental-health-services\\\/\"},{\"@type\":\"ListItem\",\"position\":2,\"name\":\"Ateliers\"}]},{\"@type\":\"WebSite\",\"@id\":\"https:\\\/\\\/ynra.ca\\\/#website\",\"url\":\"https:\\\/\\\/ynra.ca\\\/\",\"name\":\"YouthNet R\u00e9seauAdo\",\"description\":\"Mental Health Services for Youth\",\"publisher\":{\"@id\":\"https:\\\/\\\/ynra.ca\\\/#organization\"},\"potentialAction\":[{\"@type\":\"SearchAction\",\"target\":{\"@type\":\"EntryPoint\",\"urlTemplate\":\"https:\\\/\\\/ynra.ca\\\/?s={search_term_string}\"},\"query-input\":{\"@type\":\"PropertyValueSpecification\",\"valueRequired\":true,\"valueName\":\"search_term_string\"}}],\"inLanguage\":\"fr-FR\"},{\"@type\":\"Organization\",\"@id\":\"https:\\\/\\\/ynra.ca\\\/#organization\",\"name\":\"YouthNet R\u00e9seauAdo\",\"url\":\"https:\\\/\\\/ynra.ca\\\/\",\"logo\":{\"@type\":\"ImageObject\",\"inLanguage\":\"fr-FR\",\"@id\":\"https:\\\/\\\/ynra.ca\\\/#\\\/schema\\\/logo\\\/image\\\/\",\"url\":\"https:\\\/\\\/ynra.ca\\\/wp-content\\\/uploads\\\/2018\\\/07\\\/ynra-logo.png\",\"contentUrl\":\"https:\\\/\\\/ynra.ca\\\/wp-content\\\/uploads\\\/2018\\\/07\\\/ynra-logo.png\",\"width\":241,\"height\":115,\"caption\":\"YouthNet R\u00e9seauAdo\"},\"image\":{\"@id\":\"https:\\\/\\\/ynra.ca\\\/#\\\/schema\\\/logo\\\/image\\\/\"}}]}<\/script>\n<!-- \/ Yoast SEO plugin. -->","yoast_head_json":{"title":"Ateliers - YouthNet R\u00e9seauAdo","robots":{"index":"index","follow":"follow","max-snippet":"max-snippet:-1","max-image-preview":"max-image-preview:large","max-video-preview":"max-video-preview:-1"},"canonical":"https:\/\/ynra.ca\/fr\/services-sante-mental-jeunesse\/ateliers\/","og_locale":"fr_FR","og_type":"article","og_title":"Ateliers - YouthNet R\u00e9seauAdo","og_description":"[vc_row][vc_column][vc_single_image image=\u00a0\u00bb27840&Prime; img_size=\u00a0\u00bbfull\u00a0\u00bb alignment=\u00a0\u00bbcenter\u00a0\u00bb][vc_row_inner content_placement=\u00a0\u00bbmiddle\u00a0\u00bb][vc_column_inner width=\u00a0\u00bb1\/6&Prime;][vc_single_image image=\u00a0\u00bb27843&Prime; img_size=\u00a0\u00bbfull\u00a0\u00bb][\/vc_column_inner][vc_column_inner width=\u00a0\u00bb5\/6&Prime;][vc_column_text]YouthNet \/ R\u00e9seauAdo (YNRA) de CHEO offre une gamme d\u2019ateliers ax\u00e9s sur le d\u00e9veloppement des connaissances en sant\u00e9 mentale gr\u00e2ce \u00e0 l\u2019engagement entre pairs. Nos animateurs jeunesse sont form\u00e9s pour susciter des discussions et proposer des activit\u00e9s li\u00e9es \u00e0 la sant\u00e9 mentale aupr\u00e8s de classes et de &hellip;","og_url":"https:\/\/ynra.ca\/fr\/services-sante-mental-jeunesse\/ateliers\/","og_site_name":"YouthNet R\u00e9seauAdo","article_modified_time":"2026-08-28T14:46:03+00:00","twitter_card":"summary_large_image","twitter_misc":{"Dur\u00e9e de lecture estim\u00e9e":"2 minutes"},"schema":{"@context":"https:\/\/schema.org","@graph":[{"@type":"WebPage","@id":"https:\/\/ynra.ca\/fr\/services-sante-mental-jeunesse\/ateliers\/","url":"https:\/\/ynra.ca\/fr\/services-sante-mental-jeunesse\/ateliers\/","name":"Ateliers - YouthNet R\u00e9seauAdo","isPartOf":{"@id":"https:\/\/ynra.ca\/#website"},"datePublished":"2018-07-03T23:55:03+00:00","dateModified":"2026-08-28T14:46:03+00:00","breadcrumb":{"@id":"https:\/\/ynra.ca\/fr\/services-sante-mental-jeunesse\/ateliers\/#breadcrumb"},"inLanguage":"fr-FR","potentialAction":[{"@type":"ReadAction","target":["https:\/\/ynra.ca\/fr\/services-sante-mental-jeunesse\/ateliers\/"]}]},{"@type":"BreadcrumbList","@id":"https:\/\/ynra.ca\/fr\/services-sante-mental-jeunesse\/ateliers\/#breadcrumb","itemListElement":[{"@type":"ListItem","position":1,"name":"Services","item":"https:\/\/ynra.ca\/youth-mental-health-services\/"},{"@type":"ListItem","position":2,"name":"Ateliers"}]},{"@type":"WebSite","@id":"https:\/\/ynra.ca\/#website","url":"https:\/\/ynra.ca\/","name":"YouthNet R\u00e9seauAdo","description":"Mental Health Services for Youth","publisher":{"@id":"https:\/\/ynra.ca\/#organization"},"potentialAction":[{"@type":"SearchAction","target":{"@type":"EntryPoint","urlTemplate":"https:\/\/ynra.ca\/?s={search_term_string}"},"query-input":{"@type":"PropertyValueSpecification","valueRequired":true,"valueName":"search_term_string"}}],"inLanguage":"fr-FR"},{"@type":"Organization","@id":"https:\/\/ynra.ca\/#organization","name":"YouthNet R\u00e9seauAdo","url":"https:\/\/ynra.ca\/","logo":{"@type":"ImageObject","inLanguage":"fr-FR","@id":"https:\/\/ynra.ca\/#\/schema\/logo\/image\/","url":"https:\/\/ynra.ca\/wp-content\/uploads\/2018\/07\/ynra-logo.png","contentUrl":"https:\/\/ynra.ca\/wp-content\/uploads\/2018\/07\/ynra-logo.png","width":241,"height":115,"caption":"YouthNet R\u00e9seauAdo"},"image":{"@id":"https:\/\/ynra.ca\/#\/schema\/logo\/image\/"}}]}},"_links":{"self":[{"href":"https:\/\/ynra.ca\/fr\/wp-json\/wp\/v2\/pages\/166","targetHints":{"allow":["GET"]}}],"collection":[{"href":"https:\/\/ynra.ca\/fr\/wp-json\/wp\/v2\/pages"}],"about":[{"href":"https:\/\/ynra.ca\/fr\/wp-json\/wp\/v2\/types\/page"}],"author":[{"embeddable":true,"href":"https:\/\/ynra.ca\/fr\/wp-json\/wp\/v2\/users\/1"}],"replies":[{"embeddable":true,"href":"https:\/\/ynra.ca\/fr\/wp-json\/wp\/v2\/comments?post=166"}],"version-history":[{"count":109,"href":"https:\/\/ynra.ca\/fr\/wp-json\/wp\/v2\/pages\/166\/revisions"}],"predecessor-version":[{"id":34258,"href":"https:\/\/ynra.ca\/fr\/wp-json\/wp\/v2\/pages\/166\/revisions\/34258"}],"up":[{"embeddable":true,"href":"https:\/\/ynra.ca\/fr\/wp-json\/wp\/v2\/pages\/163"}],"wp:attachment":[{"href":"https:\/\/ynra.ca\/fr\/wp-json\/wp\/v2\/media?parent=166"}],"curies":[{"name":"wp","href":"https:\/\/api.w.org\/{rel}","templated":true}]}}